{"id":1540,"date":"2024-06-05T15:37:58","date_gmt":"2024-06-05T13:37:58","guid":{"rendered":"https:\/\/gombalampasok.hu\/?page_id=1540"},"modified":"2026-03-10T19:55:31","modified_gmt":"2026-03-10T18:55:31","slug":"aszf","status":"publish","type":"page","link":"https:\/\/gombalampas.com\/en\/aszf\/","title":{"rendered":"ASZF"},"content":{"rendered":"<div data-elementor-type=\"wp-page\" data-elementor-id=\"1540\" class=\"elementor elementor-1540\">\n\t\t\t\t<div class=\"elementor-element elementor-element-10489390 e-flex e-con-boxed e-con e-parent\" data-id=\"10489390\" data-element_type=\"container\">\n\t\t\t\t\t<div class=\"e-con-inner\">\n\t\t\t\t<div class=\"elementor-element elementor-element-47153031 elementor-widget elementor-widget-text-editor\" data-id=\"47153031\" data-element_type=\"widget\" data-widget_type=\"text-editor.default\">\n\t\t\t\t<div class=\"elementor-widget-container\">\n\t\t\t\t\t\t\t\t\t<p>K\u00e9rem, hogy megrendel\u00e9se v\u00e9gleges\u00edt\u00e9se el\u0151tt olvassa el a jelen \u00c1ltal\u00e1nos Szerz\u0151d\u00e9si Felt\u00e9teleket. A megrendel\u00e9se v\u00e9gleges\u00edt\u00e9s\u00e9vel \u00d6n kijelenti, hogy az \u00c1ltal\u00e1nos Szerz\u0151d\u00e9si Felt\u00e9telek minden pontj\u00e1val egyet\u00e9rt \u00e9s azt k\u00f6telez\u0151 \u00e9rv\u00e9ny\u0171nek tekinti mag\u00e1ra n\u00e9zve.<\/p>\n<p><strong><span style=\"font-style: inherit; background-color: var( --e-global-color-astglobalcolor5 ); text-align: var(--text-align); color: var(--ast-global-color-3);\">\u00c1ltal\u00e1nos Szerz\u0151d\u00e9si Felt\u00e9telek<\/span><\/strong><\/p>\n<p>Az \u00c1ltal\u00e1nos Szerz\u0151d\u00e9si Felt\u00e9telek (a tov\u00e1bbiakban: \u00c1SZF) meghat\u00e1rozz\u00e1k Nagy Andrea&nbsp;<span style=\"font-style: inherit; font-weight: inherit; background-color: var( --e-global-color-astglobalcolor5 ); text-align: var(--text-align); color: var(--ast-global-color-3);\">EV. (a tov\u00e1bbiakban: Szolg\u00e1ltat\u00f3) \u00e1ltal&nbsp;<\/span><span style=\"font-style: inherit; font-weight: inherit; background-color: var( --e-global-color-astglobalcolor5 ); text-align: var(--text-align); color: var(--ast-global-color-3); text-decoration-line: underline;\"><a href=\"https:\/\/gombalampas.com\/en\/\">www.gombalampas.com<\/a><\/span><span style=\"font-style: inherit; font-weight: inherit; background-color: var( --e-global-color-astglobalcolor5 ); text-align: var(--text-align); color: var(--ast-global-color-3);\"> domain n\u00e9v alatt \u00fczemeltetett&nbsp;<\/span><span style=\"font-style: inherit; font-weight: inherit; background-color: var( --e-global-color-astglobalcolor5 ); text-align: var(--text-align); color: var(--ast-global-color-3);\">web\u00e1ruh\u00e1z felhaszn\u00e1l\u00e1si \u00e9s a v\u00e1s\u00e1rl\u00e1st szab\u00e1lyoz\u00f3 felt\u00e9teleit.<\/span><\/p>\n<p><span style=\"font-style: inherit; font-weight: inherit; background-color: var( --e-global-color-astglobalcolor5 ); text-align: var(--text-align); color: var(--ast-global-color-3);\">A megrendel\u00e9s sor\u00e1n l\u00e9trej\u00f6v\u0151 szerz\u0151d\u00e9s a vonatkoz\u00f3 k\u00f6telez\u0151 \u00e9rv\u00e9ny\u0171 jogszab\u00e1lyok rendelkez\u00e9sei,&nbsp;<\/span><span style=\"font-style: inherit; font-weight: inherit; background-color: var( --e-global-color-astglobalcolor5 ); text-align: var(--text-align); color: var(--ast-global-color-3);\">jelen \u00c1SZF \u00e9s a honlapon tal\u00e1lhat\u00f3 inform\u00e1ci\u00f3k alapj\u00e1n ker\u00fcl megk\u00f6t\u00e9sre.<\/span><\/p>\n<p><strong>A szolg\u00e1ltat\u00f3 adatai<\/strong><\/p>\n<p><strong>N\u00e9v: Nagy Andrea EV<\/strong><br><strong>Email c\u00edm: info@gombalampas.com<\/strong><br><strong>Telefon:<\/strong>&nbsp;+36 302031472<br><strong>C\u00edm:<\/strong>&nbsp;1024 Budapest, R\u00f3mer Fl\u00f3ris u. 22-24. V. em. 15. (sz\u00e1ml\u00e1z\u00e1si c\u00edm, nem \u00fczlet)<br><strong>Ad\u00f3sz\u00e1m<\/strong>:&nbsp;57999274-1-41<br><strong>Banksz\u00e1mlasz\u00e1m<\/strong>: 10300002-13242977-00014901<br><strong>\u00dcgyf\u00e9lszolg\u00e1lat:<\/strong>&nbsp;+36 302031472 H\u00e9tf\u0151t\u0151l \u2013 P\u00e9ntekig 10:00 -16:00<br><strong>Weblap:<\/strong> <a href=\"https:\/\/gombalampas.com\/en\/\"><span style=\"text-decoration: underline;\">www.gombalampas.com<\/span><\/a><\/p>\n<p><strong>Vonatkoz\u00f3 jogszab\u00e1lyok<\/strong><\/p>\n<p>2001. \u00e9vi CVIII. t\u00f6rv\u00e9ny az elektronikus kereskedelmi szolg\u00e1ltat\u00e1sok, valamint az inform\u00e1ci\u00f3s t\u00e1rsadalommal \u00f6sszef\u00fcgg\u0151 szolg\u00e1ltat\u00e1sok egyes k\u00e9rd\u00e9seir\u0151l<br>1997. \u00e9vi CLV. t\u00f6rv\u00e9ny a fogyaszt\u00f3v\u00e9delemr\u0151l<br>2013. \u00e9vi V. t\u00f6rv\u00e9ny a Polg\u00e1ri T\u00f6rv\u00e9nyk\u00f6nyvr\u0151l (PTK)<br>151\/2003. (IX. 22.) Korm. rendelet az egyes tart\u00f3s fogyaszt\u00e1si cikkekre vonatkoz\u00f3 k\u00f6telez\u0151 j\u00f3t\u00e1ll\u00e1sr\u00f3l<br>45\/2014 (II.26) korm\u00e1nyrendelet a fogyaszt\u00f3 \u00e9s a v\u00e1llalkoz\u00e1s k\u00f6z\u00f6tti szerz\u0151d\u00e9sek r\u00e9szletes szab\u00e1lyair\u00f3l<br>19\/2014. (IV. 29.) NGM rendelet a fogyaszt\u00f3 \u00e9s v\u00e1llalkoz\u00e1s k\u00f6z\u00f6tti szerz\u0151d\u00e9s keret\u00e9ben eladott dolgokra vonatkoz\u00f3 szavatoss\u00e1gi \u00e9s j\u00f3t\u00e1ll\u00e1si ig\u00e9nyek int\u00e9z\u00e9s\u00e9nek elj\u00e1r\u00e1si szab\u00e1lyair\u00f3l<\/p>\n<p>A&nbsp;<a href=\"https:\/\/gombalampas.com\/en\/\"><span style=\"text-decoration: underline;\">www.gombalampas.com<\/span><\/a>&nbsp; web\u00e1ruh\u00e1zban egyedi, k\u00e9zzel k\u00e9sz\u00edtett term\u00e9kek megrendel\u00e9s\u00e9re \u00e9s k\u00e9szletr\u0151l t\u00f6rt\u00e9n\u0151 v\u00e1s\u00e1rl\u00e1sra van lehet\u0151s\u00e9g. A v\u00e1s\u00e1rl\u00e1s regisztr\u00e1ci\u00f3 n\u00e9lk\u00fcl t\u00f6rt\u00e9nik. A web\u00e1ruh\u00e1z ig\u00e9nybev\u00e9tele ingyenes. A term\u00e9kek mellett felt\u00fcntetett \u00e1r darab\u00e1rat jelent, magyar forintban kifejezve. Az \u00e1r alanyi ad\u00f3mentesen ker\u00fcl felt\u00fcntet\u00e9sre \u00e9s sz\u00e1ml\u00e1z\u00e1sra. Az \u00e1r sz\u00e1ll\u00edt\u00e1si, csomagol\u00e1si d\u00edjat nem tartalmazza. Az \u00e1rak t\u00e1j\u00e9koztat\u00f3 jelleg\u0171ek, az \u00e1rv\u00e1ltoz\u00e1s jog\u00e1t fenntartjuk. A sz\u00e1ll\u00edt\u00e1si, csomagol\u00e1si d\u00edj k\u00fcl\u00f6n ker\u00fcl felt\u00fcntet\u00e9sre a megrendel\u00e9s folyam\u00e1n, megjelenik az elektronikus sz\u00e1ml\u00e1n, \u00e9s automatikusan hozz\u00e1ad\u00f3dik a sz\u00e1mla v\u00e9g\u00f6sszeg\u00e9hez. A term\u00e9k \u00e1tv\u00e9tel\u00e9re a megrendel\u00e9s sor\u00e1n v\u00e1lasztott m\u00f3don ker\u00fcl sor, mely belf\u00f6ld\u00f6n MPL fut\u00e1rszolg\u00e1lattal vagy a megjel\u00f6lt szem\u00e9lyes \u00e1tv\u00e9teli pontokon lehets\u00e9ges. A web\u00e1ruh\u00e1zon a term\u00e9kekr\u0151l megjelen\u00edtett term\u00e9kfot\u00f3k p\u00e9ldak\u00e9nt szolg\u00e1lnak, mivel minden term\u00e9k teljesen k\u00e9zzel k\u00e9sz\u00fcl \u00e9s natur\u00e1lis elemeket tartalmaz. A term\u00e9kek hozz\u00e1tev\u0151leges m\u00e9rete a le\u00edr\u00e1sban tal\u00e1lhat\u00f3. A honlapon tal\u00e1lhat\u00f3 k\u00e9pek illusztr\u00e1ci\u00f3k, sz\u00ednei nem mindig felelnek meg a val\u00f3s\u00e1gnak!<\/p>\n<p><strong>Teljes\u00edt\u00e9si hat\u00e1rid\u0151<\/strong><\/p>\n<p>A megrendel\u00e9sre vonatkoz\u00f3an az \u00e1ltal\u00e1nos teljes\u00edt\u00e9si hat\u00e1rid\u0151 a rendel\u00e9s visszaigazol\u00e1s\u00e1t\u00f3l sz\u00e1m\u00edtott legfeljebb 30 nap. Ez a sz\u00e1ll\u00edt\u00e1si hat\u00e1rid\u0151 t\u00e1j\u00e9koztat\u00f3 jelleg\u0171, az ett\u0151l t\u00f6rt\u00e9n\u0151 elt\u00e9r\u00e9st minden esetben e-mail \u00fatj\u00e1n jelezz\u00fck. &nbsp;Jelen \u00e1ltal\u00e1nos szerz\u0151d\u00e9si felt\u00e9telek elfogad\u00e1s\u00e1val \u00d6n tudom\u00e1sul veszi, hogy a megadott sz\u00e1ll\u00edt\u00e1si id\u0151 t\u00fall\u00e9p\u00e9se miatt az Elad\u00f3 a k\u00e1rt\u00e9r\u00edt\u00e9si felel\u0151ss\u00e9g\u00e9t kifejezetten kiz\u00e1rja.<\/p>\n<p><strong>Jogfenntart\u00e1s, tulajdonjogi kik\u00f6t\u00e9s<\/strong><\/p>\n<p>El\u0151fordulhat, hogy a honlapunkon szerepl\u0151 egyes term\u00e9kek gy\u00e1rt\u00e1sa megsz\u0171nt. Erre tekintettel fenntartjuk a jogot a m\u00e1r visszaigazolt megrendel\u00e9sek visszautas\u00edt\u00e1s\u00e1ra r\u00e9szben, vagy teljes eg\u00e9szben. R\u00e9szben t\u00f6rt\u00e9n\u0151 teljes\u00edt\u00e9s kiz\u00e1r\u00f3lag az \u00d6nnel t\u00f6rt\u00e9n\u0151 egyeztet\u00e9st k\u00f6vet\u0151en ker\u00fclhet sor. A term\u00e9k v\u00e9tel\u00e1r\u00e1nak el\u0151re t\u00f6rt\u00e9n\u0151 kiegyenl\u00edt\u00e9se eset\u00e9n visszautal\u00e1sra ker\u00fcl az \u00f6sszeg az \u00d6n r\u00e9sz\u00e9re 10 munkanapon bel\u00fcl.<\/p>\n<p><strong>Panasz\u00fcgyint\u00e9z\u00e9s<\/strong><\/p>\n<p>A fogyaszt\u00f3 a term\u00e9kkel vagy az Elad\u00f3 tev\u00e9kenys\u00e9g\u00e9vel kapcsolatos fogyaszt\u00f3i kifog\u00e1sait <span style=\"text-decoration: underline;\">Elad\u00f3 info@gombalampas.com e- mail c\u00edm\u00e9re k\u00fcldheti meg<\/span>. Az Elad\u00f3 t\u00f6rekszik r\u00e1, hogy a kijav\u00edt\u00e1st vagy kicser\u00e9l\u00e9st legfeljebb tizen\u00f6t napon bel\u00fcl elv\u00e9gezze. Ha a fogyaszt\u00f3 a panasz kezel\u00e9s\u00e9vel nem \u00e9rt egyet, vagy a panasz kivizsg\u00e1l\u00e1sa nem lehets\u00e9ges, akkor az Elad\u00f3 a panaszr\u00f3l \u00e9s az azzal kapcsolatos \u00e1ll\u00e1spontj\u00e1r\u00f3l halad\u00e9ktalanul jegyz\u0151k\u00f6nyvet vesz fel, \u00e9s annak egy m\u00e1solati p\u00e9ld\u00e1ny\u00e1t a fogyaszt\u00f3nak \u00e1tadja vagy megk\u00fcldi email-ben. Az Elad\u00f3 jegyz\u0151k\u00f6nyvet vesz fel a fogyaszt\u00f3 bejelentett ig\u00e9ny\u00e9r\u0151l \u00e9s \u00e1tv\u00e9teli elismerv\u00e9nnyel igazoltan veszi \u00e1t a term\u00e9ket garanci\u00e1lis probl\u00e9ma eset\u00e9n. Panaszt\u00e9tel a&nbsp;fogyaszt\u00f3v\u00e9delmi hat\u00f3s\u00e1gokn\u00e1l. Amennyiben a fogyaszt\u00f3 fogyaszt\u00f3i jogainak megs\u00e9rt\u00e9s\u00e9t \u00e9szleli, jogosult panasszal fordulni a lak\u00f3helye szerint illet\u00e9kes fogyaszt\u00f3v\u00e9delmi hat\u00f3s\u00e1ghoz.<\/p>\n<p><strong>Szerz\u0151i jogok<\/strong><\/p>\n<p>A szerz\u0151i jogr\u00f3l sz\u00f3l\u00f3 1999. \u00e9vi LXXVI. t\u00f6rv\u00e9ny (tov\u00e1bbiakban: Szjt.) 1. \u00a7 (1) bekezd\u00e9se \u00e9rtelm\u00e9ben a weboldal szerz\u0151i m\u0171nek min\u0151s\u00fcl, \u00edgy annak minden r\u00e9sze szerz\u0151i jogi v\u00e9delem alatt \u00e1ll. Az Szjt. 16. \u00a7 (1) bekezd\u00e9se alapj\u00e1n tilos a weboldalon tal\u00e1lhat\u00f3 grafikai \u00e9s szoftveres megold\u00e1sok, sz\u00e1m\u00edt\u00f3g\u00e9pi programalkot\u00e1sok enged\u00e9ly n\u00e9lk\u00fcli felhaszn\u00e1l\u00e1sa, illetve b\u00e1rmely olyan alkalmaz\u00e1s haszn\u00e1lata, amellyel a weboldal, vagy annak b\u00e1rmely r\u00e9sze m\u00f3dos\u00edthat\u00f3. A weboldalr\u00f3l \u00e9s annak adatb\u00e1zis\u00e1b\u00f3l b\u00e1rmilyen anyagot \u00e1tvenni a jogtulajdonos \u00edr\u00e1sos hozz\u00e1j\u00e1rul\u00e1sa eset\u00e9n is csak a&nbsp; weboldalra val\u00f3 hivatkoz\u00e1ssal, forr\u00e1s felt\u00fcntet\u00e9s\u00e9vel lehet. A jogtulajdonos:<\/p>\n<p><strong>A megrendel\u00e9s l\u00e9p\u00e9sei<\/strong><\/p>\n<p><strong> 1. Kos\u00e1rba helyez\u00e9s<\/strong><\/p>\n<p>A kiv\u00e1lasztott term\u00e9ket a \u201eKos\u00e1rba\u201d gomb megnyom\u00e1s\u00e1val lehet a kos\u00e1rba helyezni. Ezt k\u00f6vet\u0151en a v\u00e1s\u00e1rl\u00e1s folytathat\u00f3 tov\u00e1bbi term\u00e9kek kos\u00e1rba helyez\u00e9s\u00e9vel, vagy a megrendel\u00e9s v\u00e9gleges\u00edt\u00e9s\u00e9vel.<\/p>\n<p><strong> 2. Kos\u00e1r m\u00f3dos\u00edt\u00e1sa <\/strong><\/p>\n<p>A kos\u00e1r men\u00fc a honlap jobb fels\u0151 sark\u00e1ban tal\u00e1lhat\u00f3 Kos\u00e1r ikonra kattintva \u00e9rhet\u0151 el. A kos\u00e1r men\u00fcben lehet\u0151s\u00e9g van a kos\u00e1rba helyezett term\u00e9kek m\u00f3dos\u00edt\u00e1s\u00e1ra, t\u00f6rl\u00e9s\u00e9re.<\/p>\n<p><strong> 3. Vev\u0151 adatai<\/strong><\/p>\n<p>A vev\u0151 adatai pontn\u00e1l k\u00e9rj\u00fck, sz\u00edveskedjen megadni a vev\u0151 nev\u00e9t, a sz\u00e1ll\u00edt\u00e1si \u00e9s sz\u00e1ml\u00e1z\u00e1si adatokat.<\/p>\n<p><strong> 4. Fizet\u00e9si m\u00f3d <\/strong><\/p>\n<p>Az al\u00e1bbi fizet\u00e9si m\u00f3don tudja kiegyenl\u00edteni sz\u00e1ml\u00e1j\u00e1t: Bankk\u00e1rty\u00e1s fizet\u00e9s, \u00e1tutal\u00e1s.<\/p>\n<p><strong> 5. Bevitt adatok&nbsp;<\/strong><span style=\"font-style: inherit; font-weight: inherit; background-color: var( --e-global-color-astglobalcolor5 ); text-align: var(--text-align); color: var(--ast-global-color-3);\">m\u00f3dos\u00edt\u00e1sa&nbsp;<\/span><\/p>\n<p><span style=\"font-style: inherit; font-weight: inherit; background-color: var( --e-global-color-astglobalcolor5 ); text-align: var(--text-align); color: var(--ast-global-color-3);\">A vissza gomb haszn\u00e1lat\u00e1val van lehet\u0151s\u00e9g a t\u00e9vesen megadott adatok m\u00f3dos\u00edt\u00e1s\u00e1ra (sz\u00e1ll\u00edt\u00e1si c\u00edm, sz\u00e1ml\u00e1z\u00e1si n\u00e9v, c\u00edm, fizet\u00e9si m\u00f3d).&nbsp;<\/span><\/p>\n<p><span style=\"font-style: inherit; font-weight: inherit; background-color: var( --e-global-color-astglobalcolor5 ); text-align: var(--text-align); color: var(--ast-global-color-3);\"><strong>6. Rendel\u00e9s v\u00e9gleges\u00edt\u00e9se:<\/strong> A rendel\u00e9s v\u00e9gleges\u00edt\u00e9s\u00e9hez az \u00c1SZF elfogad\u00e1sa k\u00f6telez\u0151. A rendel\u00e9s v\u00e9gleges\u00edt\u00e9s\u00e9vel vev\u0151 fizet\u00e9si k\u00f6telezetts\u00e9get v\u00e1llal.<\/span><\/p>\n<p><strong>7. Rendel\u00e9s visszaigazol\u00e1sa<\/strong><\/p>\n<p>A v\u00e9gleges\u00edtett rendel\u00e9sekr\u0151l a Szolg\u00e1ltat\u00f3 legk\u00e9s\u0151bb 48 \u00f3r\u00e1n bel\u00fcl sz\u00e1ml\u00e1t vagy visszaigazol\u00f3 e-mailt k\u00fcld a Felhaszn\u00e1l\u00f3nak a t\u00e1vollev\u0151k k\u00f6z\u00f6tt megk\u00f6t\u00f6tt szerz\u0151d\u00e9s alapj\u00e1n, mely \u00edgy v\u00e1lik \u00e9rv\u00e9nyess\u00e9.<\/p>\n<p>Felh\u00edvjuk a figyelm\u00e9t, hogy el\u0151fordulhat, hogy a lev\u00e9l a spam mapp\u00e1ba ker\u00fcl.<\/p>\n<p>A megrendel\u00e9sek lead\u00e1s\u00e1ra folyamatosan, 0-24 \u00f3r\u00e1ban van lehet\u0151s\u00e9g. A megrendel\u00e9sek feldolgoz\u00e1sa H-P 10:00 \u2013 16:00 k\u00f6z\u00f6tt t\u00f6rt\u00e9nik.<\/p>\n<p><strong>Sz\u00e1ll\u00edt\u00e1s<\/strong><\/p>\n<p>A kiv\u00e1lasztott fizet\u00e9si \u00e9s sz\u00e1ll\u00edt\u00e1si m\u00f3dt\u00f3l f\u00fcgg\u0151en, a megrendelt term\u00e9kek legk\u00e9s\u0151bb a visszaigazol\u00e1st\u00f3l, illetve kifizet\u00e9st\u0151l sz\u00e1m\u00edtott huszadik munkanapon&nbsp;ker\u00fclnek \u00e1tad\u00e1sra a sz\u00e1ll\u00edt\u00f3 c\u00e9g r\u00e9sz\u00e9re. Amennyiben a term\u00e9k elk\u00e9sz\u00edt\u00e9se hosszabb id\u0151t vesz ig\u00e9nybe, telefonon \u00e9rtes\u00edtj\u00fck a vev\u0151t.<\/p>\n<p>A pontos sz\u00e1ll\u00edt\u00e1si d\u00edj a Sz\u00e1ll\u00edt\u00e1si m\u00f3d kiv\u00e1laszt\u00e1sakor ker\u00fcl felt\u00fcntet\u00e9sre a megrendel\u00e9s v\u00e9gleges\u00edt\u00e9s el\u0151tt.<\/p>\n<p><strong>Sz\u00e1ll\u00edt\u00e1si hat\u00e1rid\u0151k<\/strong><\/p>\n<p>A sz\u00e1ll\u00edt\u00e1si hat\u00e1rid\u0151t\u0151l f\u00fcgg a rendel\u00e9s visszaigazol\u00e1s\u00e1t\u00f3l sz\u00e1m\u00edtott 30 nap.<\/p>\n<p><strong>Fizet\u00e9si felt\u00e9telek<\/strong><br><strong>Ut\u00e1nv\u00e9ttel t\u00f6rt\u00e9n\u0151 fizet\u00e9s nem lehets\u00e9ges. Amennyiben m\u00e9gis szeretn\u00e9 ut\u00e1nv\u00e9ttel rendezni a rendel\u00e9s\u00e9t, e-mailben jelezze.<\/strong><br><strong>Banki \u00e1tutal\u00e1s<\/strong><\/p>\n<p>A vev\u0151 a megrendelt term\u00e9kek v\u00e9tel\u00e1r\u00e1t banki \u00e1tutal\u00e1ssal teljes\u00edti a Szolg\u00e1ltat\u00f3 fel\u00e9. A v\u00e9tel\u00e1r a Szolg\u00e1ltat\u00f3 banksz\u00e1ml\u00e1j\u00e1n val\u00f3 j\u00f3v\u00e1\u00edr\u00e1s ut\u00e1n min\u0151s\u00fcl teljes\u00edtettnek, \u00e9s ezt k\u00f6vet\u0151en a sz\u00e1ll\u00edt\u00e1si hat\u00e1rid\u0151k keretein bel\u00fcl ker\u00fcl felad\u00e1sra a csomag a Felhaszn\u00e1l\u00f3nak. \u00c1tutal\u00e1sn\u00e1l a k\u00f6zlem\u00e9nyben fel kell t\u00fcnteti a megrendel\u00e9s sz\u00e1m\u00e1t.<br>Bank neve: MBH Bank Nyrt.<br>Banksz\u00e1mlasz\u00e1m: 10300002-13242977-00014901<br>Kedvezm\u00e9nyezett neve: Nagy Andrea EV<br>K\u00f6zlem\u00e9ny: rendel\u00e9s sz\u00e1ma<\/p>\n<p><strong>Card Payment<\/strong><\/p>\n<p>A web\u00e1ruh\u00e1zon bel\u00fcl a SumUp fel\u00fclet\u00e9n lehets\u00e9ges.<\/p>\n<p><strong>Sz\u00e1ml\u00e1z\u00e1s<\/strong><\/p>\n<p>A Szolg\u00e1ltat\u00f3 a Sz\u00e1ml\u00e1zz.hu sz\u00e1ml\u00e1z\u00f3 haszn\u00e1lat\u00e1val elektronikus \u00faton k\u00fcldi el a sz\u00e1ml\u00e1t a megadott e-mail c\u00edmre.<br>A megrendelt term\u00e9kek tulajdonjoga a sz\u00e1mla teljes\u00edt\u00e9s\u00e9vel sz\u00e1ll \u00e1t a Felhaszn\u00e1l\u00f3ra.<\/p>\n<p><strong>Rendel\u00e9s lemond\u00e1sa<\/strong><\/p>\n<p>A Felhaszn\u00e1l\u00f3nak lehet\u0151s\u00e9ge van a rendel\u00e9s be\u00e9rkez\u00e9s\u00e9t k\u00f6vet\u0151 munkanap reggel 9:00 \u00f3r\u00e1ig a rendel\u00e9s lemond\u00e1s\u00e1ra, viszont&nbsp;<strong>csak \u00e9s kiz\u00e1r\u00f3lag telefonos \u00fcgyf\u00e9lszolg\u00e1laton kereszt\u00fcl teheti meg. <\/strong><strong>Tel.: 06302031472<\/strong><\/p>\n<p>Kifizetett rendel\u00e9s eset\u00e9ben a visszautal\u00e1s \u00e9s az online k\u00e1rty\u00e1s fizet\u00e9ssel j\u00e1r\u00f3 k\u00f6lts\u00e9gek a v\u00e1s\u00e1rl\u00f3t terhelik, mely levon\u00e1sra ker\u00fcl a visszautaland\u00f3 \u00f6sszegb\u0151l.<\/p>\n<p><strong>El\u00e1ll\u00e1si jog<\/strong><\/p>\n<p>Vev\u0151 a megrendelt term\u00e9k&nbsp;<strong>k\u00e9zhezv\u00e9tel\u00e9t\u0151l<\/strong>&nbsp;sz\u00e1m\u00edtott 14 napon bel\u00fcl indokl\u00e1s n\u00e9lk\u00fcl el\u00e1llhat a szerz\u0151d\u00e9st\u0151l. Kiv\u00e9telt k\u00e9peznek azok a term\u00e9kek, melyek egyedileg k\u00e9sz\u00fclnek el a v\u00e1s\u00e1rl\u00f3 megrendel\u00e9se alapj\u00e1n.<\/p>\n<p>Ha a Felhaszn\u00e1l\u00f3 \u00e9lni k\u00edv\u00e1n az el\u00e1ll\u00e1si jog\u00e1val, az&nbsp;El\u00e1ll\u00e1si Nyilatkozatot&nbsp;k\u00f6teles eljuttatni a Szolg\u00e1ltat\u00f3 r\u00e9sz\u00e9re lev\u00e9lben vagy e-mailben. A Felhaszn\u00e1l\u00f3 hat\u00e1rid\u0151ben gyakorolja el\u00e1ll\u00e1si jog\u00e1t, ha a fent megjel\u00f6lt hat\u00e1rid\u0151 lej\u00e1rta el\u0151tt elk\u00fcldi El\u00e1ll\u00e1si Nyilatkozat\u00e1t.<\/p>\n<p>A nem rendeltet\u00e9sszer\u0171 haszn\u00e1latb\u00f3l keletkez\u0151 anyagi k\u00e1r megt\u00e9r\u00edt\u00e9s\u00e9t joga van k\u00f6vetelni a Szolg\u00e1ltat\u00f3nak a Felhaszn\u00e1l\u00f3t\u00f3l.<\/p>\n<p>A Szolg\u00e1ltat\u00f3 a visszak\u00fcld\u00f6tt csomag be\u00e9rkez\u00e9s\u00e9t\u0151l sz\u00e1m\u00edtott legk\u00e9s\u0151bb 14 napon bel\u00fcl k\u00f6teles visszat\u00e9r\u00edteni a term\u00e9k v\u00e9tel\u00e1rat a Felhaszn\u00e1l\u00f3 fel\u00e9.<\/p>\n<p>A visszat\u00e9r\u00edt\u00e9s sor\u00e1n a Szolg\u00e1ltat\u00f3&nbsp;<strong>utal\u00e1ssal<\/strong>&nbsp;egyenl\u00edti ki a term\u00e9k v\u00e9tel\u00e1r\u00e1t.<\/p>\n<p>A visszat\u00e9r\u00edt\u00e9st a Szolg\u00e1ltat\u00f3 mindaddig visszatarthatja, am\u00edg a term\u00e9ket vissza nem kapta.<\/p>\n<p>Vev\u0151t&nbsp;<strong>nem illeti meg<\/strong>&nbsp;az el\u00e1ll\u00e1si jog, ha a term\u00e9k Vev\u0151 <strong>megrendel\u00e9s\u00e9re<\/strong>&nbsp;lett el\u0151\u00e1ll\u00edtva.<\/p>\n<p>Ezen jog\u00e1val a Vev\u0151 \u2013a gy\u00e1ri, gy\u00e1rt\u00e1si, min\u0151s\u00e9gi hib\u00e1s term\u00e9k eset\u00e9t ide nem \u00e9rtve \u2013 egyed\u00fcl akkor \u00e9lhet, ha a term\u00e9ket eredeti csomagol\u00e1s\u00e1val, s\u00e9r\u00fcl\u00e9smentesen, azaz \u00e9rt\u00e9kes\u00edt\u00e9shez \u00e9s rendeltet\u00e9sszer\u0171 haszn\u00e1lathoz megfelel\u0151 \u00e1llapotban visszajuttatja a Szolg\u00e1ltat\u00f3 r\u00e9sz\u00e9re, (s\u00e9rtetlen \u00e1llapot\u00fa term\u00e9k).<\/p>\n<p>A visszak\u00fcldend\u0151 \u00e1ru teh\u00e1t nem lehet:<\/p>\n<ul>\n<li>t\u00f6r\u00f6tt<\/li>\n<li>koszos<\/li>\n<li>hi\u00e1nyos<\/li>\n<li>sz\u00e9t\u00e1zott<\/li>\n<li>elektronikailag s\u00e9r\u00fclt<\/li>\n<li>repedt<\/li>\n<\/ul>\n<p>A fent eml\u00edtett inform\u00e1ci\u00f3k alapj\u00e1n nem hi\u00e1nyozhat bel\u0151le az eredeti pap\u00edrk\u00e1rtya\/pap\u00edrk\u00e1rty\u00e1k illetve a le\u00edr\u00e1s \u00e9s az esetleges plusz csomagol\u00e1s sem. Az itt felsorolt, vagy ahhoz hasonl\u00f3 rendelleness\u00e9g eset\u00e9n (nem s\u00e9rtetlen \u00e1llapot\u00fa term\u00e9k illetve csomagol\u00e1s) a Szolg\u00e1ltat\u00f3 a term\u00e9k \u00e1tv\u00e9tel\u00e9t k\u00f6vet\u0151en jegyz\u0151k\u00f6nyvet vesz fel a l\u00e1that\u00f3 rong\u00e1l\u00f3d\u00e1sr\u00f3l.&nbsp; Ebben az esetben a Felhaszn\u00e1l\u00f3 nem jogosult a term\u00e9k \u00e1r\u00e1nak a visszaig\u00e9nyl\u00e9s\u00e9re. Ha a Fogyaszt\u00f3 a Jegyz\u0151k\u00f6nyvben foglalt meg\u00e1llap\u00edt\u00e1sok r\u00e9sz\u00e9re email \u00fatj\u00e1n t\u00f6rt\u00e9n\u0151 megk\u00fcld\u00e9s\u00e9t k\u00f6vet\u0151 5 munkanapon bel\u00fcl nem reag\u00e1l, akkor panasz\u00fcgy\u00e9t v\u00e9glegesen lez\u00e1rtnak tekintj\u00fck. A visszak\u00fcld\u00f6tt term\u00e9k 3 h\u00f3nap ut\u00e1n jav\u00edt\u00e1sra ker\u00fcl. Elt\u00e9r\u0151 esetben a Szolg\u00e1ltat\u00f3 a nem s\u00e9rtetlen \u00e1llapot\u00fa term\u00e9ket \u2013 Felhaszn\u00e1l\u00f3 \u00edr\u00e1sbeli k\u00e9r\u00e9sre \u00e9s k\u00f6lts\u00e9g\u00e9re \u2013 a jegyz\u0151k\u00f6nyv felv\u00e9tel\u00e9t \u00e9s \u00e1llapotr\u00f6gz\u00edt\u00e9st k\u00f6vet\u0151en visszak\u00fcldi.<\/p>\n<p>A Felhaszn\u00e1l\u00f3nak mindenk\u00e9ppen figyelnie kell a term\u00e9k rendeltet\u00e9sszer\u0171 haszn\u00e1lat\u00e1ra, ugyanis a nem rendeltet\u00e9sszer\u0171 haszn\u00e1latb\u00f3l ered\u0151 k\u00e1r megt\u00e9r\u00edt\u00e9se a Felhaszn\u00e1l\u00f3t terheli.<\/p>\n<p>A Szolg\u00e1ltat\u00f3 a term\u00e9k vissza\u00e9rkez\u00e9s\u00e9t \u00e9s megvizsg\u00e1l\u00e1s\u00e1t k\u00f6vet\u0151en halad\u00e9ktalanul, de legk\u00e9s\u0151bb 14 napon bel\u00fcl visszat\u00e9r\u00edti a kifizetett \u00f6sszeget a Felhaszn\u00e1l\u00f3 r\u00e9sz\u00e9re, az esetleges jogszab\u00e1lyi felhatalmaz\u00e1son alapul\u00f3 levon\u00e1sokkal.<\/p>\n<p><strong>Az el\u00e1ll\u00e1s menete<\/strong><\/p>\n<p>Amennyiben a Felhaszn\u00e1l\u00f3 el\u00e1ll\u00e1si jog\u00e1val szeretne \u00e9lni, azt megteheti az&nbsp;El\u00e1ll\u00e1si Nyilatkozat&nbsp;kit\u00f6lt\u00e9s\u00e9vel, melyet lev\u00e9lben vagy e-mailben, hivatkozva a term\u00e9kre \u00e9s a megrendel\u00e9s azonos\u00edt\u00f3j\u00e1ra visszak\u00fcld a Szolg\u00e1ltat\u00f3 sz\u00e1m\u00e1ra.&nbsp;<strong>Az el\u00e1ll\u00e1si nyilatkoztat e-mailben k\u00e9rje a Szolg\u00e1ltat\u00f3t\u00f3l.<\/strong>&nbsp;Email c\u00edm: info@gombalampas.com A Felhaszn\u00e1l\u00f3 a Szolg\u00e1ltat\u00f3 fel\u00e9 el\u00e1ll\u00e1si sz\u00e1nd\u00e9k\u00e1t&nbsp;a <strong>term\u00e9k k\u00e9zhezv\u00e9tel\u00e9t\u0151l sz\u00e1m\u00edtott 14 napon bel\u00fcl<\/strong>&nbsp;jelezheti, a fent eml\u00edtett m\u00f3dokon.<\/p>\n<p>Amennyiben a Felhaszn\u00e1l\u00f3 az&nbsp;El\u00e1ll\u00e1si Nyilatkozatot&nbsp;postai lev\u00e9l \u00fatj\u00e1n juttatja el a Szolg\u00e1ltat\u00f3hoz, a lev\u00e9l post\u00e1ra juttat\u00e1s\u00e1nak d\u00e1tum\u00e1t vessz\u00fck figyelembe. Postai \u00faton t\u00f6rt\u00e9n\u0151 k\u00fcld\u00e9s eset\u00e9n aj\u00e1nlott k\u00fcldem\u00e9ny megjel\u00f6l\u00e9s\u00e9vel adja fel a levelet, hogy a felad\u00e1s d\u00e1tuma egy\u00e9rtelm\u0171en bizony\u00edthat\u00f3 legyen.<\/p>\n<p>A megrendelt term\u00e9ket a Felhaszn\u00e1l\u00f3nak vissza kell juttatnia az \u00fczlet telephely\u00e9re vagyis Gombal\u00e1mp\u00e1s 1053 Budapest M\u00fazeum K\u00f6r\u00fat 7,&nbsp;postai aj\u00e1nlott csomagk\u00e9nt, csomagk\u00fcld\u0151 fut\u00e1rszolg\u00e1lat \u00e1ltal, vagy szem\u00e9lyesen. A visszak\u00fcld\u00e9ssel kapcsolatos sz\u00e1ll\u00edt\u00e1si k\u00f6lts\u00e9gek a Felhaszn\u00e1l\u00f3t terhelik.<\/p>\n<p>Az ut\u00e1nv\u00e9ttel visszak\u00fcld\u00f6tt csomagokat a Szolg\u00e1ltat\u00f3nak nem \u00e1ll m\u00f3dj\u00e1ban \u00e1tvenni.<\/p>\n<p>A term\u00e9k\/term\u00e9kek v\u00e9tel\u00e1r\u00e1t az el\u00e1ll\u00e1st k\u00f6vet\u0151en 14 napon bel\u00fcl a Felhaszn\u00e1l\u00f3val t\u00f6rt\u00e9n\u0151 egyeztet\u00e9s alapj\u00e1n a Szolg\u00e1ltat\u00f3 visszat\u00e9r\u00edti.<\/p>\n<p>A Felhaszn\u00e1l\u00f3nak a Szolg\u00e1ltat\u00f3val t\u00f6rt\u00e9n\u0151 el\u0151zetes egyeztet\u00e9st k\u00f6vet\u0151en lehet\u0151s\u00e9ge van a term\u00e9ket szem\u00e9lyesen is visszavinni.<\/p>\n<p><strong>Kell\u00e9kszavatoss\u00e1gr\u00f3l \u00e9s term\u00e9kszavatoss\u00e1gr\u00f3l sz\u00f3l\u00f3 t\u00e1j\u00e9koztat\u00e1s<\/strong><\/p>\n<p><strong>Kell\u00e9kszavatoss\u00e1g<\/strong><\/p>\n<p>Milyen esetben \u00e9lhet \u00d6n a kell\u00e9kszavatoss\u00e1gi jog\u00e1val?<\/p>\n<p>\u00d6n a gombalampas.com hib\u00e1s teljes\u00edt\u00e9se eset\u00e9n a v\u00e1llalkoz\u00e1ssal szemben kell\u00e9kszavatoss\u00e1gi ig\u00e9nyt \u00e9rv\u00e9nyes\u00edthet a Polg\u00e1ri T\u00f6rv\u00e9nyk\u00f6nyv szab\u00e1lyai szerint.<\/p>\n<p>Milyen jogok illetik meg \u00d6nt kell\u00e9kszavatoss\u00e1gi ig\u00e9nye alapj\u00e1n?<\/p>\n<p>\u00d6n \u2013 v\u00e1laszt\u00e1sa szerint-az al\u00e1bbi kell\u00e9kszavatoss\u00e1gi ig\u00e9nyekkel \u00e9lhet:<\/p>\n<p>K\u00e9rhet kijav\u00edt\u00e1st vagy kicser\u00e9l\u00e9st, kiv\u00e9ve, ha az ezek k\u00f6z\u00fcl az \u00d6n \u00e1ltal v\u00e1lasztott ig\u00e9ny teljes\u00edt\u00e9se lehetetlen vagy a v\u00e1llalkoz\u00e1s sz\u00e1m\u00e1ra m\u00e1s ig\u00e9nye teljes\u00edt\u00e9s\u00e9hez k\u00e9pest ar\u00e1nytalan t\u00f6bbletk\u00f6lts\u00e9ggel j\u00e1rna. Ha a kijav\u00edt\u00e1st vagy a kicser\u00e9l\u00e9st nem k\u00e9rte, illetve nem k\u00e9rhette, \u00fagy ig\u00e9nyelheti az ellenszolg\u00e1ltat\u00e1s ar\u00e1nyos lesz\u00e1ll\u00edt\u00e1s\u00e1t vagy a hib\u00e1t a v\u00e1llalkoz\u00e1s k\u00f6lts\u00e9g\u00e9re \u00d6n is kijav\u00edthatja, illetve m\u00e1ssal kijav\u00edttathatja vagy \u2013 v\u00e9gs\u0151 esetben \u2013 a szerz\u0151d\u00e9st\u0151l is el\u00e1llhat.<\/p>\n<p>V\u00e1lasztott kell\u00e9kszavatoss\u00e1gi jog\u00e1r\u00f3l egy m\u00e1sikra is \u00e1tt\u00e9rhet, az \u00e1tt\u00e9r\u00e9s k\u00f6lts\u00e9g\u00e9t azonban \u00d6n viseli, kiv\u00e9ve, ha az indokolt volt, vagy arra a v\u00e1llalkoz\u00e1s adott okot.<\/p>\n<p>Milyen hat\u00e1rid\u0151ben \u00e9rv\u00e9nyes\u00edtheti \u00d6n kell\u00e9kszavatoss\u00e1gi ig\u00e9ny\u00e9t?<\/p>\n<p>\u00d6n k\u00f6teles a hib\u00e1t annak felfedez\u00e9se ut\u00e1n halad\u00e9ktalanul, de nem k\u00e9s\u0151bb, mint a hiba felfedez\u00e9s\u00e9t\u0151l sz\u00e1m\u00edtott kett\u0151 h\u00f3napon bel\u00fcl k\u00f6z\u00f6lni. Ugyanakkor felh\u00edvom a figyelm\u00e9t, hogy a szerz\u0151d\u00e9s teljes\u00edt\u00e9s\u00e9t\u0151l sz\u00e1m\u00edtott k\u00e9t \u00e9ves el\u00e9v\u00fcl\u00e9si hat\u00e1rid\u0151n t\u00fal kell\u00e9kszavatoss\u00e1gi jogait m\u00e1r nem \u00e9rv\u00e9nyes\u00edtheti.<\/p>\n<p>Kivel szemben \u00e9rv\u00e9nyes\u00edtheti kell\u00e9kszavatoss\u00e1gi ig\u00e9ny\u00e9t?<\/p>\n<p>\u00d6n a v\u00e1llalkoz\u00e1ssal szemben \u00e9rv\u00e9nyes\u00edtheti kell\u00e9kszavatoss\u00e1gi ig\u00e9ny\u00e9t.<\/p>\n<p>Milyen egy\u00e9b felt\u00e9tele van kell\u00e9kszavatoss\u00e1gi jogai \u00e9rv\u00e9nyes\u00edt\u00e9s\u00e9nek?<\/p>\n<p>A teljes\u00edt\u00e9st\u0151l sz\u00e1m\u00edtott hat h\u00f3napon bel\u00fcl a kell\u00e9kszavatoss\u00e1gi ig\u00e9nye \u00e9rv\u00e9nyes\u00edt\u00e9s\u00e9nek a hiba k\u00f6zl\u00e9s\u00e9n t\u00fal nincs egy\u00e9b felt\u00e9tele, ha \u00d6n igazolja, hogy a term\u00e9ket Nagy Andrea E.V. ny\u00fajtotta. A teljes\u00edt\u00e9st\u0151l sz\u00e1m\u00edtott hat h\u00f3nap eltelte ut\u00e1n azonban m\u00e1r \u00d6n k\u00f6teles bizony\u00edtani, hogy az \u00d6n \u00e1ltal felismert hiba m\u00e1r a teljes\u00edt\u00e9s id\u0151pontj\u00e1ban is megvolt.<br><strong>Term\u00e9kszavatoss\u00e1g<\/strong><\/p>\n<p>Milyen esetben \u00e9lhet \u00d6n a term\u00e9kszavatoss\u00e1gi jog\u00e1val?<\/p>\n<p>A term\u00e9k hib\u00e1ja eset\u00e9n \u00d6n \u2013 v\u00e1laszt\u00e1sa szerint \u2013 kell\u00e9kszavatoss\u00e1gi jog\u00e1t vagy term\u00e9kszavatoss\u00e1gi<br>ig\u00e9nyt \u00e9rv\u00e9nyes\u00edthet.<\/p>\n<p>Milyen jogok illetik meg \u00d6nt term\u00e9kszavatoss\u00e1gi ig\u00e9nye alapj\u00e1n?<\/p>\n<p>Term\u00e9kszavatoss\u00e1gi ig\u00e9nyk\u00e9nt \u00d6n kiz\u00e1r\u00f3lag a hib\u00e1s term\u00e9k kijav\u00edt\u00e1s\u00e1t vagy kicser\u00e9l\u00e9s\u00e9t k\u00e9rheti.<\/p>\n<p>Milyen esetben min\u0151s\u00fcl a term\u00e9k hib\u00e1snak?<\/p>\n<p>A term\u00e9k akkor hib\u00e1s, ha az nem felel meg a forgalomba hozatalakor hat\u00e1lyos min\u0151s\u00e9gi<br>k\u00f6vetelm\u00e9nyeknek.<\/p>\n<p>Milyen hat\u00e1rid\u0151ben \u00e9rv\u00e9nyes\u00edtheti \u00d6n term\u00e9kszavatoss\u00e1gi ig\u00e9ny\u00e9t?<\/p>\n<p>Term\u00e9kszavatoss\u00e1gi ig\u00e9ny\u00e9t \u00d6n a term\u00e9k gy\u00e1rt\u00f3 \u00e1ltali forgalomba hozatal\u00e1t\u00f3l sz\u00e1m\u00edtott k\u00e9t \u00e9ven bel\u00fcl \u00e9rv\u00e9nyes\u00edtheti. E hat\u00e1rid\u0151 eltelt\u00e9vel e jogosults\u00e1g\u00e1t elveszti.<\/p>\n<p>Kivel szemben \u00e9s milyen egy\u00e9b felt\u00e9tellel \u00e9rv\u00e9nyes\u00edtheti term\u00e9kszavatoss\u00e1gi ig\u00e9ny\u00e9t?<\/p>\n<p>Term\u00e9kszavatoss\u00e1gi ig\u00e9ny\u00e9t kiz\u00e1r\u00f3lag a term\u00e9k gy\u00e1rt\u00f3j\u00e1val vagy forgalmaz\u00f3j\u00e1val szemben gyakorolhatja. A term\u00e9k hib\u00e1j\u00e1t term\u00e9kszavatoss\u00e1gi ig\u00e9ny \u00e9rv\u00e9nyes\u00edt\u00e9se eset\u00e9n \u00d6nnek kell bizony\u00edtania.<\/p>\n<p>A gy\u00e1rt\u00f3 (forgalmaz\u00f3) milyen esetben mentes\u00fcl term\u00e9kszavatoss\u00e1gi k\u00f6telezetts\u00e9ge al\u00f3l?<\/p>\n<p>A gy\u00e1rt\u00f3 (forgalmaz\u00f3) kiz\u00e1r\u00f3lag akkor mentes\u00fcl term\u00e9kszavatoss\u00e1gi k\u00f6telezetts\u00e9ge al\u00f3l, ha bizony\u00edtani tudja, hogy:<\/p>\n<ul>\n<li>a term\u00e9ket nem \u00fczleti tev\u00e9kenys\u00e9ge k\u00f6r\u00e9ben gy\u00e1rtotta, illetve hozta forgalomba, vagy<\/li>\n<li>a hiba a tudom\u00e1ny \u00e9s a technika \u00e1ll\u00e1sa szerint a forgalomba hozatal id\u0151pontj\u00e1ban nem volt<br>felismerhet\u0151 vagy<\/li>\n<li>a term\u00e9k hib\u00e1ja jogszab\u00e1ly vagy k\u00f6telez\u0151 hat\u00f3s\u00e1gi el\u0151\u00edr\u00e1s alkalmaz\u00e1s\u00e1b\u00f3l ered.<\/li>\n<\/ul>\n<p>A gy\u00e1rt\u00f3nak (forgalmaz\u00f3nak) a mentes\u00fcl\u00e9shez elegend\u0151 egy okot bizony\u00edtania.<\/p>\n<p>Felh\u00edvom figyelm\u00e9t, hogy ugyanazon hiba miatt kell\u00e9kszavatoss\u00e1gi \u00e9s term\u00e9kszavatoss\u00e1gi ig\u00e9nyt egyszerre, egym\u00e1ssal p\u00e1rhuzamosan nem \u00e9rv\u00e9nyes\u00edthet. Term\u00e9kszavatoss\u00e1gi ig\u00e9ny\u00e9nek eredm\u00e9nyes \u00e9rv\u00e9nyes\u00edt\u00e9se eset\u00e9n azonban a kicser\u00e9lt term\u00e9kre, illetve kijav\u00edtott r\u00e9szre vonatkoz\u00f3 kell\u00e9kszavatoss\u00e1gi ig\u00e9ny\u00e9t a gy\u00e1rt\u00f3val szemben \u00e9rv\u00e9nyes\u00edtheti.<\/p>\n<p><strong>Jogi nyilatkozat \u00e9s jog\u00e9rv\u00e9nyes\u00edt\u00e9si lehet\u0151s\u00e9gek<\/strong><\/p>\n<p>A Szolg\u00e1ltat\u00f3 kiz\u00e1r minden felel\u0151ss\u00e9get a honlap haszn\u00e1l\u00f3i \u00e1ltal tan\u00fas\u00edtott magatart\u00e1s\u00e9rt. Amennyiben jogs\u00e9rt\u00e9s mer\u00fcl fel a Szolg\u00e1ltat\u00f3 egy\u00fcttm\u0171k\u00f6dik az elj\u00e1r\u00f3 hat\u00f3s\u00e1gokkal a felder\u00edt\u00e9s v\u00e9gett.<\/p>\n<p>A Szolg\u00e1ltat\u00f3 nem v\u00e1llal felel\u0151ss\u00e9get a szerver esetleges meghib\u00e1sod\u00e1s\u00e1b\u00f3l, a honlap tartalm\u00e1nak harmadik f\u00e9l \u00e1ltali megv\u00e1ltoztat\u00e1s\u00e1b\u00f3l sz\u00e1rmaz\u00f3 k\u00e1rok\u00e9rt.<\/p>\n<p>A honlapot mindenki saj\u00e1t felel\u0151ss\u00e9g\u00e9re haszn\u00e1lja. A rendszerben el\u0151fordul\u00f3 esetleges k\u00e9sedelem\u00e9rt, hib\u00e1\u00e9rt, az ebb\u0151l ad\u00f3d\u00f3 hi\u00e1nyos inform\u00e1ci\u00f3 \u00e1raml\u00e1s\u00e9rt a Szolg\u00e1ltat\u00f3 nem tehet\u0151 felel\u0151ss\u00e9.<\/p>\n<p>A Felhaszn\u00e1l\u00f3k \u00e1ltal a honlap haszn\u00e1lata sor\u00e1n el\u00e9rhet\u0151v\u00e9 tett tartalmat a Szolg\u00e1ltat\u00f3 jogosult, de nem k\u00f6teles ellen\u0151rizni. A k\u00f6zz\u00e9tett tartalmak tekintet\u00e9ben a Szolg\u00e1ltat\u00f3 jogosult, de nem k\u00f6teles jogellenes tev\u00e9kenys\u00e9g folytat\u00e1s\u00e1ra utal\u00f3 jeleket keresni.<\/p>\n<p>A Felhaszn\u00e1l\u00f3 felel\u0151ss\u00e9ge a honlapon az \u00e1ltala k\u00f6zz\u00e9tett tartalmak kapcs\u00e1n, hogy harmadik szem\u00e9lyek jogait, valamint a jogszab\u00e1lyokat sem k\u00f6zvetlen\u00fcl, sem k\u00f6zvetett m\u00f3don ne s\u00e9rtsen. A jelen \u00c1ltal\u00e1nos Szerz\u0151d\u00e9si Felt\u00e9telek alapj\u00e1n a Szolg\u00e1ltat\u00f3 \u00e9s Felhaszn\u00e1l\u00f3 k\u00f6z\u00f6tt a l\u00e9trej\u00f6tt meg\u00e1llapod\u00e1s megsz\u0171nik, ha a Felhaszn\u00e1l\u00f3 maga t\u00f6rli, vagy a Szolg\u00e1ltat\u00f3 t\u00f6rli a Felhaszn\u00e1l\u00f3 regisztr\u00e1ci\u00f3j\u00e1t.<\/p>\n<p>A Szolg\u00e1ltat\u00f3 a szerz\u0151i jog jogosultja a honlapon kereszt\u00fcl el\u00e9rhet\u0151 szolg\u00e1ltat\u00e1sok ny\u00fajt\u00e1sa sor\u00e1n megjelen\u00edtett valamennyi tartalomnak: b\u00e1rmely szerz\u0151i m\u0171nek, illetve m\u00e1s szellemi alkot\u00e1snak (ide\u00e9rtve valamennyi elk\u00e9sz\u00edttetett grafik\u00e1t, k\u00e9pet, fot\u00f3t \u00e9s a honlap fel\u00fclet\u00e9nek elrendez\u00e9s\u00e9t, \u00f6tleteket, megval\u00f3s\u00edt\u00e1sokat).<\/p>\n<p>A jelen \u00c1SZF egyetlen rendelkez\u00e9se sem biztos\u00edt jogot a Felhaszn\u00e1l\u00f3nak a honlapon szerepl\u0151 b\u00e1rmely kereskedelmi n\u00e9vnek vagy v\u00e9djegynek a haszn\u00e1lat\u00e1ra, hasznos\u00edt\u00e1s\u00e1ra. A honlap rendeltet\u00e9sszer\u0171 haszn\u00e1lat\u00e1val j\u00e1r\u00f3 megjelen\u00edt\u00e9sen, az ehhez sz\u00fcks\u00e9ges ideiglenes t\u00f6bbsz\u00f6r\u00f6z\u00e9sen \u00e9s a mag\u00e1nc\u00e9l\u00fa m\u00e1solatk\u00e9sz\u00edt\u00e9sen t\u00fal, ezen szellemi alkot\u00e1sok a Szolg\u00e1ltat\u00f3 el\u0151zetes \u00edr\u00e1sbeli enged\u00e9lye n\u00e9lk\u00fcl semmilyen egy\u00e9b form\u00e1ban nem haszn\u00e1lhat\u00f3k fel.<\/p>\n<p>A honlapon tal\u00e1lhat\u00f3 tartalomr\u00f3l, k\u00e9pi anyagokr\u00f3l az inform\u00e1ci\u00f3kat csak linkelt hivatkoz\u00e1ssal \u00e9s enged\u00e9llyel lehet felhaszn\u00e1lni az interneten:<\/p>\n<ul>\n<li>J\u00f3l l\u00e1that\u00f3 m\u00f3don, link form\u00e1j\u00e1ban meg kell jel\u00f6lni a forr\u00e1st. A linknek a meghat\u00e1rozott tartalomra kell mutatnia.<\/li>\n<li>A&nbsp;<a href=\"https:\/\/gombalampas.com\/en\/\">www.gombalampas.com<\/a> &nbsp;f\u0151 vagy aloldalainak m\u00e1s weboldalba t\u00f6rt\u00e9n\u0151 be\u00e1gyaz\u00e1sa nem megengedett.<\/li>\n<li>A linkel\u0151 honlap nem keltheti azt a benyom\u00e1st, hogy a Szolg\u00e1ltat\u00f3 t\u00e1mogatja az adott oldalon k\u00edn\u00e1lt szolg\u00e1ltat\u00e1s vagy term\u00e9k megv\u00e1s\u00e1rl\u00e1s\u00e1t, kiv\u00e9ve, ha err\u0151l a Szolg\u00e1ltat\u00f3val, el\u0151zetesen megk\u00f6t\u00f6tt szerz\u0151d\u00e9sben m\u00e1sk\u00e9ppen rendelkezik.<\/li>\n<li>A linkel\u0151 honlap nem tartalmazhat jogszab\u00e1lyt, harmadik szem\u00e9ly jogait, vagy a k\u00f6z\u00edzl\u00e9st s\u00e9rt\u0151 tartalmat.<\/li>\n<li>A linkel\u00e9sre vonatkoz\u00f3 szab\u00e1lyok megs\u00e9rt\u00e9se eset\u00e9n a Szolg\u00e1ltat\u00f3 jogosult a weboldalra mutat\u00f3 link azonnali elt\u00e1vol\u00edttat\u00e1s\u00e1ra. Ezen fel\u00fcl jogosult arra is, hogy a jogs\u00e9rt\u00e9ssel \u00f6sszef\u00fcgg\u0151 \u00e9s felmer\u00fclt k\u00e1r\u00e1nak megt\u00e9r\u00edt\u00e9s\u00e9t k\u00f6vetelje.<\/li>\n<li>K\u00fcl\u00f6n meg\u00e1llapod\u00e1s n\u00e9lk\u00fcl tilos a Szolg\u00e1ltat\u00f3 \u00e1ltal rendelkez\u00e9sre bocs\u00e1tott fel\u00fclet vagy adatb\u00e1zis\u00e1t m\u00f3dos\u00edtani, lem\u00e1solni, abban \u00faj adatokat elhelyezni, vagy a megl\u00e9v\u0151 adatokat fel\u00fcl\u00edrni.<\/li>\n<\/ul>\n<p><strong>Panasz\u00fcgyint\u00e9z\u00e9s \u00e9s jog\u00e9rv\u00e9nyes\u00edt\u00e9s<\/strong><\/p>\n<p>A Felhaszn\u00e1l\u00f3 a megv\u00e1s\u00e1rolt term\u00e9kkel kapcsolatos kifog\u00e1sait a Szolg\u00e1ltat\u00f3 fel\u00e9 az al\u00e1bbi el\u00e9rhet\u0151s\u00e9geken terjesztheti el\u0151 lev\u00e9lben, e-mail \u00fczenetben, vagy telefonon \u00fcgyf\u00e9lszolg\u00e1lati id\u0151ben.<\/p>\n<p>Contact<\/p>\n<p>Levelez\u00e9si c\u00edm: &nbsp;1024 Budapest, R\u00f3mer Fl\u00f3ris u. 22-24. V. em. 15.<\/p>\n<p>Email: info@gombalampas.com<\/p>\n<p>H\u00e9tf\u0151t\u0151l \u2013 P\u00e9ntekig (10:00-16:00 k\u00f6z\u00f6tt)<br>Telefon: +36-30-203-1472<\/p>\n<p>A Szolg\u00e1ltat\u00f3 a felhaszn\u00e1l\u00f3i kifog\u00e1sokra legk\u00e9s\u0151bb 3 munkanapon bel\u00fcl v\u00e1laszol. A Szolg\u00e1ltat\u00f3 t\u00e1j\u00e9koztatja a v\u00e1s\u00e1rl\u00f3t a jog\u00e9rv\u00e9nyes\u00edt\u00e9s lehets\u00e9ges m\u00f3djair\u00f3l, hely\u00e9r\u0151l, valamint az arra ir\u00e1nyul\u00f3 hat\u00e1rid\u0151kr\u0151l.<\/p>\n<p><strong>Alternat\u00edv vitarendez\u00e9s<\/strong><\/p>\n<p>Amennyiben internetes v\u00e1s\u00e1rl\u00e1s\u00e1val b\u00e1rmilyen gond mer\u00fcl fel, amelyet nem tud velem rendezni, panasz\u00e1t a j\u00f3v\u00e1hagyott vitarendez\u00e9si test\u00fclethez az al\u00e1bbi fel\u00fcleten kereszt\u00fcl k\u00fcldheti el (online vitarendez\u00e9s \u2013 ODR: Online Dispute Resolution): <a href=\"https:\/\/webgate.acceptance.ec.europa.eu\/odr\/main\/?event=main.home2.show&amp;amp;lng=HU\">https:\/\/webgate.acceptance.ec.europa.eu\/odr\/main\/?event=main.home2.show&amp;lng=H U<\/a><\/p>\n<p>Magyarorsz\u00e1gon ezenk\u00edv\u00fcl a Budapesti B\u00e9k\u00e9ltet\u0151 Test\u00fclet jogosult jogvit\u00e1kban elj\u00e1rni (1016 Budapest, Krisztina krt. 99. III. em. 310.; e-mail:&nbsp;<span style=\"text-decoration: underline;\">bekelteto.testulet@bkik.hu<\/span>).<\/p>\n<p><strong>Egy\u00e9b rendelkez\u00e9sek<\/strong><\/p>\n<p>Felek a jogvit\u00e1kat els\u0151dlegesen b\u00e9k\u00e9s \u00faton pr\u00f3b\u00e1lj\u00e1k rendezni. Amennyiben ez nem vezet eredm\u00e9nyre, \u00fagy a szerz\u0151d\u00e9sb\u0151l fakad\u00f3 jogvit\u00e1kra a magyar jog az ir\u00e1nyad\u00f3 \u00e9s az illet\u00e9kes b\u00edr\u00f3s\u00e1g el\u0151tt lehet elj\u00e1rni.<\/p>\n<p>A Szolg\u00e1ltat\u00f3 \u00e9s a Felhaszn\u00e1l\u00f3 k\u00f6z\u00f6tti jogviszonyra a magyar jog az ir\u00e1nyad\u00f3.<\/p>\n<p>Jelen \u00c1SZF elektronikus form\u00e1ban \u00e9s kiz\u00e1r\u00f3lag magyar nyelven ker\u00fcl megk\u00f6t\u00e9sre.<\/p>\n<p>Jelen \u00c1SZF-et a Szolg\u00e1ltat\u00f3 indokl\u00e1s n\u00e9lk\u00fcl b\u00e1rmikor m\u00f3dos\u00edthatja, err\u0151l a Felhaszn\u00e1l\u00f3t a honlapon kereszt\u00fcl \u00e9rtes\u00edti. K\u00e9rj\u00fck, hogy rendszeresen tekintse meg az \u00c1ltal\u00e1nos Szerz\u0151d\u00e9si Felt\u00e9teleket.<\/p>\n<p>A jelen \u00c1SZF-ben nem szab\u00e1lyozott k\u00e9rd\u00e9sekben a Polg\u00e1ri T\u00f6rv\u00e9nyk\u00f6nyv, a fogyaszt\u00f3 \u00e9s a szolg\u00e1ltat\u00f3 k\u00f6z\u00f6tti szerz\u0151d\u00e9sek r\u00e9szletes szab\u00e1lyair\u00f3l sz\u00f3l\u00f3 45\/2014. korm\u00e1nyrendelet, \u00e9s az elektronikus kereskedelmi szolg\u00e1ltat\u00e1sok, valamint az inform\u00e1ci\u00f3s t\u00e1rsadalommal \u00f6sszef\u00fcgg\u0151 szolg\u00e1ltat\u00e1sok egyes k\u00e9rd\u00e9seir\u0151l sz\u00f3l\u00f3 2001. \u00e9vi CVIII. tv. rendelkez\u00e9sei az ir\u00e1nyad\u00f3k.<\/p>\n<p>A honlap oldalainak b\u00f6ng\u00e9sz\u00e9s\u00e9vel, tov\u00e1bb\u00e1 megrendel\u00e9sek lead\u00e1s\u00e1val a Felhaszn\u00e1l\u00f3 elfogadja az \u00c1SZF tartalm\u00e1t.<\/p>\n<p>2025.11.07.<\/p>\t\t\t\t\t\t\t\t<\/div>\n\t\t\t\t<\/div>\n\t\t\t\t\t<\/div>\n\t\t\t\t<\/div>\n\t\t\t\t<\/div>","protected":false},"excerpt":{"rendered":"<p>K\u00e9rem, hogy megrendel\u00e9se v\u00e9gleges\u00edt\u00e9se el\u0151tt olvassa el a jelen \u00c1ltal\u00e1nos Szerz\u0151d\u00e9si Felt\u00e9teleket. A megrendel\u00e9se v\u00e9gleges\u00edt\u00e9s\u00e9vel \u00d6n kijelenti, hogy az \u00c1ltal\u00e1nos Szerz\u0151d\u00e9si Felt\u00e9telek minden pontj\u00e1val egyet\u00e9rt \u00e9s azt k\u00f6telez\u0151 \u00e9rv\u00e9ny\u0171nek tekinti mag\u00e1ra n\u00e9zve. \u00c1ltal\u00e1nos Szerz\u0151d\u00e9si Felt\u00e9telek Az \u00c1ltal\u00e1nos Szerz\u0151d\u00e9si Felt\u00e9telek (a tov\u00e1bbiakban: \u00c1SZF) meghat\u00e1rozz\u00e1k Nagy Andrea&nbsp;EV. (a tov\u00e1bbiakban: Szolg\u00e1ltat\u00f3) \u00e1ltal&nbsp;www.gombalampas.com domain n\u00e9v alatt \u00fczemeltetett&nbsp;web\u00e1ruh\u00e1z felhaszn\u00e1l\u00e1si \u00e9s [&hellip;]<\/p>","protected":false},"author":1,"featured_media":0,"parent":0,"menu_order":0,"comment_status":"closed","ping_status":"closed","template":"","meta":{"_uag_custom_page_level_css":"","site-sidebar-layout":"no-sidebar","site-content-layout":"page-builder","ast-site-content-layout":"full-width-container","site-content-style":"unboxed","site-sidebar-style":"unboxed","ast-global-header-display":"","ast-banner-title-visibility":"","ast-main-header-display":"","ast-hfb-above-header-display":"","ast-hfb-below-header-display":"","ast-hfb-mobile-header-display":"","site-post-title":"disabled","ast-breadcrumbs-content":"","ast-featured-img":"disabled","footer-sml-layout":"","theme-transparent-header-meta":"","adv-header-id-meta":"","stick-header-meta":"","header-above-stick-meta":"","header-main-stick-meta":"","header-below-stick-meta":"","astra-migrate-meta-layouts":"set","ast-page-background-enabled":"default","ast-page-background-meta":{"desktop":{"background-color":"var(--ast-global-color-4)","background-image":"","background-repeat":"repeat","background-position":"center center","background-size":"auto","background-attachment":"scroll","background-type":"","background-media":"","overlay-type":"","overlay-color":"","overlay-opacity":"","overlay-gradient":""},"tablet":{"background-color":"","background-image":"","background-repeat":"repeat","background-position":"center center","background-size":"auto","background-attachment":"scroll","background-type":"","background-media":"","overlay-type":"","overlay-color":"","overlay-opacity":"","overlay-gradient":""},"mobile":{"background-color":"","background-image":"","background-repeat":"repeat","background-position":"center center","background-size":"auto","background-attachment":"scroll","background-type":"","background-media":"","overlay-type":"","overlay-color":"","overlay-opacity":"","overlay-gradient":""}},"ast-content-background-meta":{"desktop":{"background-color":"var(--ast-global-color-5)","background-image":"","background-repeat":"repeat","background-position":"center center","background-size":"auto","background-attachment":"scroll","background-type":"","background-media":"","overlay-type":"","overlay-color":"","overlay-opacity":"","overlay-gradient":""},"tablet":{"background-color":"var(--ast-global-color-5)","background-image":"","background-repeat":"repeat","background-position":"center center","background-size":"auto","background-attachment":"scroll","background-type":"","background-media":"","overlay-type":"","overlay-color":"","overlay-opacity":"","overlay-gradient":""},"mobile":{"background-color":"var(--ast-global-color-5)","background-image":"","background-repeat":"repeat","background-position":"center center","background-size":"auto","background-attachment":"scroll","background-type":"","background-media":"","overlay-type":"","overlay-color":"","overlay-opacity":"","overlay-gradient":""}},"footnotes":""},"class_list":["post-1540","page","type-page","status-publish","hentry"],"uagb_featured_image_src":{"full":false,"thumbnail":false,"medium":false,"medium_large":false,"large":false,"1536x1536":false,"2048x2048":false,"trp-custom-language-flag":false,"woocommerce_thumbnail":false,"woocommerce_single":false,"woocommerce_gallery_thumbnail":false,"dgwt-wcas-product-suggestion":false},"uagb_author_info":{"display_name":"admin","author_link":"https:\/\/gombalampas.com\/en\/author\/admin\/"},"uagb_comment_info":0,"uagb_excerpt":"K\u00e9rem, hogy megrendel\u00e9se v\u00e9gleges\u00edt\u00e9se el\u0151tt olvassa el a jelen \u00c1ltal\u00e1nos Szerz\u0151d\u00e9si Felt\u00e9teleket. A megrendel\u00e9se v\u00e9gleges\u00edt\u00e9s\u00e9vel \u00d6n kijelenti, hogy az \u00c1ltal\u00e1nos Szerz\u0151d\u00e9si Felt\u00e9telek minden pontj\u00e1val egyet\u00e9rt \u00e9s azt k\u00f6telez\u0151 \u00e9rv\u00e9ny\u0171nek tekinti mag\u00e1ra n\u00e9zve. \u00c1ltal\u00e1nos Szerz\u0151d\u00e9si Felt\u00e9telek Az \u00c1ltal\u00e1nos Szerz\u0151d\u00e9si Felt\u00e9telek (a tov\u00e1bbiakban: \u00c1SZF) meghat\u00e1rozz\u00e1k Nagy Andrea&nbsp;EV. (a tov\u00e1bbiakban: Szolg\u00e1ltat\u00f3) \u00e1ltal&nbsp;www.gombalampas.com domain n\u00e9v alatt \u00fczemeltetett&nbsp;web\u00e1ruh\u00e1z felhaszn\u00e1l\u00e1si \u00e9s&hellip;","_links":{"self":[{"href":"https:\/\/gombalampas.com\/en\/wp-json\/wp\/v2\/pages\/1540","targetHints":{"allow":["GET"]}}],"collection":[{"href":"https:\/\/gombalampas.com\/en\/wp-json\/wp\/v2\/pages"}],"about":[{"href":"https:\/\/gombalampas.com\/en\/wp-json\/wp\/v2\/types\/page"}],"author":[{"embeddable":true,"href":"https:\/\/gombalampas.com\/en\/wp-json\/wp\/v2\/users\/1"}],"replies":[{"embeddable":true,"href":"https:\/\/gombalampas.com\/en\/wp-json\/wp\/v2\/comments?post=1540"}],"version-history":[{"count":44,"href":"https:\/\/gombalampas.com\/en\/wp-json\/wp\/v2\/pages\/1540\/revisions"}],"predecessor-version":[{"id":3605,"href":"https:\/\/gombalampas.com\/en\/wp-json\/wp\/v2\/pages\/1540\/revisions\/3605"}],"wp:attachment":[{"href":"https:\/\/gombalampas.com\/en\/wp-json\/wp\/v2\/media?parent=1540"}],"curies":[{"name":"wp","href":"https:\/\/api.w.org\/{rel}","templated":true}]}}